{"id":24,"date":"2015-09-27T01:59:21","date_gmt":"2015-09-26T23:59:21","guid":{"rendered":"http:\/\/bachl-saege.at\/?page_id=24"},"modified":"2022-08-24T15:23:31","modified_gmt":"2022-08-24T13:23:31","slug":"saegewerk","status":"publish","type":"page","link":"https:\/\/bachl-saege.at\/index.php\/saegewerk\/","title":{"rendered":"S\u00e4gewerk"},"content":{"rendered":"<h1 id=\"Saegewerkoben\"><\/h1>\n<p style=\"text-align: left;\">Sie suchen einen Partner f\u00fcr Ihr Bauvorhaben aus Holz? Egal ob Privatperson oder Unternehmer, wir stehen Ihnen jederzeit gerne f\u00fcr Anfragen jeglicher Art zur Verf\u00fcgung.<\/p>\n<h3 style=\"text-align: center;\"><strong>Bauholz, Kantholz, Dachstuhl<\/strong><\/h3>\n<p style=\"text-align: center;\"><strong>Holzarten: <\/strong>Fichte, Tanne, L\u00e4rche<br \/>\n<strong>L\u00e4nge:<\/strong> nach Wunsch(bis 16m)<br \/>\n<strong>St\u00e4rke: <\/strong>nach Wunsch (bis ca. 50cm)<br \/>\n<strong>Breite: <\/strong>nach Wunsch (bis ca. 50cm)<br \/>\n<strong>auf Wunsch auch technisch getrocknet<br \/>\n<\/strong><\/p>\n<h3 style=\"text-align: center;\"><strong>Pfosten:<\/strong><\/h3>\n<p style=\"text-align: center;\"><strong>Holzarten: <\/strong>Fichte, Tanne, L\u00e4rche<br \/>\n<strong>L\u00e4nge:<\/strong> 3m bis 6m auf Wunsch auch L\u00e4nger<br \/>\n<strong>St\u00e4rken: <\/strong>40mm, 50mm oder nach Wunsch<br \/>\n<strong>Breite:<\/strong> von 12cm bis 35cm<br \/>\n<strong>auf Wunsch auch technisch getrocknet<\/strong><\/p>\n<h3 style=\"text-align: center;\"><strong>Staffeln, Latten:<\/strong><\/h3>\n<p style=\"text-align: center;\"><strong>Holzarten: <\/strong>Fichte, Tanne, L\u00e4rche<br \/>\n<strong>L\u00e4nge:<\/strong> 3m bis 6m<br \/>\n<strong>Dimensionen: <\/strong>3 x 5 cm, 3,5 x 5 cm, 4 x 5 cm, 4 x 6cm, 5 x 5 cm, 5 x 8 cm<br \/>\n<strong>auf Wunsch auch technisch getrocknet<\/strong><\/p>\n<h3 style=\"text-align: center;\"><strong>Bretter:<\/strong><\/h3>\n<p style=\"text-align: center;\"><strong>Holzarten: <\/strong>Fichte, Tanne, L\u00e4rche<br \/>\n<strong>L\u00e4nge:<\/strong> 3m bis 6m<br \/>\n<strong>St\u00e4rke: <\/strong>24mm, 30mm oder nach Wunsch<br \/>\n<strong>Breite: <\/strong>8cm bis 24cm<br \/>\n<strong>auf Wunsch auch technisch getrocknet<\/strong><\/p>\n<h2 style=\"text-align: center;\"><\/h2>\n<figure id=\"attachment_237\" aria-describedby=\"caption-attachment-237\" style=\"width: 300px\" class=\"wp-caption aligncenter\"><a href=\"http:\/\/bachl-saege.at\/wp-content\/uploads\/2015\/09\/DSC_0894.jpg\"><img loading=\"lazy\" decoding=\"async\" class=\"size-medium wp-image-237\" src=\"http:\/\/bachl-saege.at\/wp-content\/uploads\/2015\/09\/DSC_0894-300x200.jpg\" alt=\"\" width=\"300\" height=\"200\" srcset=\"https:\/\/bachl-saege.at\/wp-content\/uploads\/2015\/09\/DSC_0894-300x200.jpg 300w, https:\/\/bachl-saege.at\/wp-content\/uploads\/2015\/09\/DSC_0894-768x512.jpg 768w, https:\/\/bachl-saege.at\/wp-content\/uploads\/2015\/09\/DSC_0894-1024x683.jpg 1024w, https:\/\/bachl-saege.at\/wp-content\/uploads\/2015\/09\/DSC_0894-400x267.jpg 400w\" sizes=\"auto, (max-width: 300px) 100vw, 300px\" \/><\/a><figcaption id=\"caption-attachment-237\" class=\"wp-caption-text\">Bretter s\u00e4mtlicher Abmessungen &#8211; auf Wunsch nach Ihren Bed\u00fcrfnissen<\/figcaption><\/figure>\n<p>&nbsp;<\/p>\n<p>&nbsp;<\/p>\n<h2 style=\"text-align: center;\"><strong>Lohnschnitt<\/strong><\/h2>\n<p>&nbsp;<\/p>\n<figure id=\"attachment_236\" aria-describedby=\"caption-attachment-236\" style=\"width: 300px\" class=\"wp-caption aligncenter\"><a href=\"http:\/\/bachl-saege.at\/wp-content\/uploads\/2015\/09\/DSC_0909.jpg\"><img loading=\"lazy\" decoding=\"async\" class=\"size-medium wp-image-236\" src=\"http:\/\/bachl-saege.at\/wp-content\/uploads\/2015\/09\/DSC_0909-300x200.jpg\" alt=\"\" width=\"300\" height=\"200\" srcset=\"https:\/\/bachl-saege.at\/wp-content\/uploads\/2015\/09\/DSC_0909-300x200.jpg 300w, https:\/\/bachl-saege.at\/wp-content\/uploads\/2015\/09\/DSC_0909-768x512.jpg 768w, https:\/\/bachl-saege.at\/wp-content\/uploads\/2015\/09\/DSC_0909-1024x683.jpg 1024w, https:\/\/bachl-saege.at\/wp-content\/uploads\/2015\/09\/DSC_0909-400x267.jpg 400w\" sizes=\"auto, (max-width: 300px) 100vw, 300px\" \/><\/a><figcaption id=\"caption-attachment-236\" class=\"wp-caption-text\">Vom Rundholz zum Dachstuhl<\/figcaption><\/figure>\n<p><a href=\"http:\/\/bachl-saege.at\/wp-content\/uploads\/2015\/09\/DSC_0891.jpg\"><img loading=\"lazy\" decoding=\"async\" class=\"size-medium wp-image-238 aligncenter\" src=\"http:\/\/bachl-saege.at\/wp-content\/uploads\/2015\/09\/DSC_0891-300x200.jpg\" alt=\"\" width=\"300\" height=\"200\" srcset=\"https:\/\/bachl-saege.at\/wp-content\/uploads\/2015\/09\/DSC_0891-300x200.jpg 300w, https:\/\/bachl-saege.at\/wp-content\/uploads\/2015\/09\/DSC_0891-768x512.jpg 768w, https:\/\/bachl-saege.at\/wp-content\/uploads\/2015\/09\/DSC_0891-1024x683.jpg 1024w, https:\/\/bachl-saege.at\/wp-content\/uploads\/2015\/09\/DSC_0891-400x267.jpg 400w\" sizes=\"auto, (max-width: 300px) 100vw, 300px\" \/><\/a><\/p>\n<p>&nbsp;<\/p>\n<h2 style=\"text-align: center;\"><strong>S\u00e4genebenprodukte:<\/strong><\/h2>\n<p style=\"text-align: center;\">S\u00e4gesp\u00e4ne<br \/>\nRinde<br \/>\nSprei\u00dfel und Schwartlinge<\/p>\n<h2 style=\"text-align: center;\"><\/h2>\n<p>&nbsp;<\/p>\n<p>&nbsp;<\/p>\n<h2 style=\"text-align: center;\"><\/h2>\n<h2 style=\"text-align: center;\"><strong>Palettenbau<\/strong><\/h2>\n<p style=\"text-align: center;\">S\u00e4mtliche Gr\u00f6\u00dfen und Ausf\u00fchrungen<br \/>\nauf Anfrage auch f\u00fcr den Export hitzebehandelt laut IPPC \/ ISPM 15<\/p>\n<p>&nbsp;<\/p>\n<p>&nbsp;<\/p>\n<p>&nbsp;<\/p>\n<h2 style=\"text-align: center;\"><a href=\"http:\/\/bachl-saege.at\/index.php\/saegewerk\/lohnschnitt\/#Holzbrunnenoben\"><strong>Holzbrunnen, Blumentrog<\/strong><\/a><\/h2>\n<p style=\"text-align: center;\">Holzbrunnen angefertigt aus L\u00e4rchenbaumstamm f\u00fcr Ihren Garten<br \/>\nL\u00e4nge und Durchmesser individuell gestaltbar<\/p>\n<p><a href=\"http:\/\/bachl-saege.at\/wp-content\/uploads\/2015\/09\/P1150696.jpg\"><img loading=\"lazy\" decoding=\"async\" class=\"size-medium wp-image-122 aligncenter\" src=\"http:\/\/bachl-saege.at\/wp-content\/uploads\/2015\/09\/P1150696-300x187.jpg\" alt=\"\" width=\"300\" height=\"187\" srcset=\"https:\/\/bachl-saege.at\/wp-content\/uploads\/2015\/09\/P1150696-300x187.jpg 300w, https:\/\/bachl-saege.at\/wp-content\/uploads\/2015\/09\/P1150696-768x478.jpg 768w, https:\/\/bachl-saege.at\/wp-content\/uploads\/2015\/09\/P1150696-1024x637.jpg 1024w, https:\/\/bachl-saege.at\/wp-content\/uploads\/2015\/09\/P1150696-400x249.jpg 400w\" sizes=\"auto, (max-width: 300px) 100vw, 300px\" \/><\/a><\/p>\n<p>&nbsp;<\/p>\n<h2 style=\"text-align: center;\"><\/h2>\n<h2 style=\"text-align: center;\"><strong><a href=\"http:\/\/bachl-saege.at\/index.php\/saegewerk\/anfertigung-nach-mass\/#Anfertigungoben\">Anfertigungen nach Ma\u00df<\/a> wie Terrassen, Hochbeete, Gartenz\u00e4une uvm.<\/strong><\/h2>\n","protected":false},"excerpt":{"rendered":"<p>Sie suchen einen Partner f\u00fcr Ihr Bauvorhaben aus Holz? Egal ob Privatperson oder Unternehmer, wir stehen Ihnen jederzeit gerne f\u00fcr Anfragen jeglicher Art zur Verf\u00fcgung. Bauholz, Kantholz, Dachstuhl Holzarten: Fichte, [&hellip;]<\/p>\n","protected":false},"author":1,"featured_media":0,"parent":0,"menu_order":0,"comment_status":"closed","ping_status":"closed","template":"page-templates\/full-width.php","meta":{"footnotes":""},"class_list":["post-24","page","type-page","status-publish","hentry"],"_links":{"self":[{"href":"https:\/\/bachl-saege.at\/index.php\/wp-json\/wp\/v2\/pages\/24","targetHints":{"allow":["GET"]}}],"collection":[{"href":"https:\/\/bachl-saege.at\/index.php\/wp-json\/wp\/v2\/pages"}],"about":[{"href":"https:\/\/bachl-saege.at\/index.php\/wp-json\/wp\/v2\/types\/page"}],"author":[{"embeddable":true,"href":"https:\/\/bachl-saege.at\/index.php\/wp-json\/wp\/v2\/users\/1"}],"replies":[{"embeddable":true,"href":"https:\/\/bachl-saege.at\/index.php\/wp-json\/wp\/v2\/comments?post=24"}],"version-history":[{"count":20,"href":"https:\/\/bachl-saege.at\/index.php\/wp-json\/wp\/v2\/pages\/24\/revisions"}],"predecessor-version":[{"id":455,"href":"https:\/\/bachl-saege.at\/index.php\/wp-json\/wp\/v2\/pages\/24\/revisions\/455"}],"wp:attachment":[{"href":"https:\/\/bachl-saege.at\/index.php\/wp-json\/wp\/v2\/media?parent=24"}],"curies":[{"name":"wp","href":"https:\/\/api.w.org\/{rel}","templated":true}]}}